{"id":2645,"date":"2016-12-20T10:22:58","date_gmt":"2016-12-20T10:22:58","guid":{"rendered":"http:\/\/efus.eu\/efusconference2021\/practical-information\/"},"modified":"2021-10-13T06:36:40","modified_gmt":"2021-10-13T06:36:40","slug":"informations-pratiques","status":"publish","type":"page","link":"https:\/\/efus.eu\/efusconference2021\/informations-pratiques\/?lang=fr","title":{"rendered":"Informations pratiques"},"content":{"rendered":"<div class=\"wpb-content-wrapper\">[vc_row][vc_column][vc_tta_accordion active_section=&#8221;156&#8243; collapsible_all=&#8221;true&#8221; title=&#8221;Informations Covid-19&#8243;][vc_tta_section title=&#8221;Conformit\u00e9 de l&#8217;\u00e9v\u00e9nement \u00e0 la r\u00e9glementation sanitaire&#8221; tab_id=&#8221;1631173229320-2afbc40f-6b23&#8243;][vc_column_text]La conf\u00e9rence se d\u00e9roulera dans le strict respect de la r\u00e9glementation sanitaire en vigueur en France. Pour plus d&#8217;informations, veuillez consulter le site du <em><strong><a href=\"https:\/\/solidarites-sante.gouv.fr\/\">minist\u00e8re de la Sant\u00e9<\/a><\/strong><\/em>.<\/p>\n<ul>\n<li>L&#8217;admission \u00e0 la conf\u00e9rence sera soumise \u00e0 la pr\u00e9sentation d&#8217;un certificat Covid num\u00e9rique de l&#8217;Union europ\u00e9enne en cours de validit\u00e9.<\/li>\n<li>La capacit\u00e9 des salles de conf\u00e9rence a \u00e9t\u00e9 adapt\u00e9e afin de garantir la distanciation physique entre les participants.<\/li>\n<li>Les pauses caf\u00e9 et d\u00e9jeuner seront servies conform\u00e9ment aux r\u00e9glementations sanitaires en vigueur.<\/li>\n<li>Une application mobile fournira des informations aux participants pour \u00e9viter tout contact physique.<\/li>\n<\/ul>\n<p><strong><em>&gt;&gt;&gt; <a href=\"https:\/\/efus.eu\/efusconference2021\/wp-content\/uploads\/sites\/11\/2021\/09\/Eventime-Mesures-sanitaires-participants.pdf\">d\u00e9tail des mesures<\/a><\/em><\/strong>[\/vc_column_text][\/vc_tta_section][vc_tta_section title=&#8221;Respect des r\u00e8gles sanitaires par les participants&#8221; tab_id=&#8221;1631173229360-7755f326-bd9c&#8221;][vc_column_text]\n<ul>\n<li>L&#8217;admission \u00e0 la conf\u00e9rence sera soumise \u00e0 la pr\u00e9sentation d&#8217;un certificat Covid num\u00e9rique de l&#8217;Union europ\u00e9enne en cours de validit\u00e9.<\/li>\n<li>Les participants devront se laver r\u00e9guli\u00e8rement et soigneusement les mains avec une solution hydroalcoolique ou au savon (fournis sur place).<\/li>\n<li>Les participants devront porter un masque couvrant la bouche et le nez \u00e0 tout moment.<\/li>\n<li>Les participants devront respecter une distance d&#8217;un m\u00e8tre entre eux.<\/li>\n<\/ul>\n<p><em><strong>&gt;&gt;&gt; <\/strong><\/em><a href=\"https:\/\/efus.eu\/efusconference2021\/wp-content\/uploads\/sites\/11\/2021\/09\/Eventime-Mesures-sanitaires-participants.pdf\"><em><strong>d\u00e9tail des r\u00e8gles<\/strong><\/em><\/a>[\/vc_column_text][\/vc_tta_section][vc_tta_section title=&#8221;Participation internationale&#8221; tab_id=&#8221;1631173572450-2939415f-075a&#8221;][vc_column_text]Les participants qui viennent d&#8217;un pays hors de l&#8217;Union europ\u00e9enne sont invit\u00e9s \u00e0 contacter leur consulat pour savoir comment obtenir le certificat Covid num\u00e9rique de l&#8217;Union europ\u00e9enne.[\/vc_column_text][\/vc_tta_section][\/vc_tta_accordion][\/vc_column][\/vc_row][vc_row full_width=&#8221;stretch_row&#8221;][vc_column][vc_text_separator title=&#8221;Le lieu&#8221;][vc_row_inner][vc_column_inner width=&#8221;1\/2&#8243;][vc_video link=&#8221;https:\/\/youtu.be\/TqXQND77Q4Y&#8221;][\/vc_column_inner][vc_column_inner width=&#8221;1\/2&#8243;][vc_column_text]\n<h2><strong>Ville de Nice\u00a0<\/strong><\/h2>\n<p>La conf\u00e9rence <em>S\u00e9curit\u00e9, D\u00e9mocratie &amp; Villes<\/em> aura lieu \u00e0 Nice.<\/p>\n<h2><strong>Acropolis<\/strong><\/h2>\n<p>1 Esplanade John Fitzgerald Kennedy, 06000 Nice<\/p>\n<h2><strong>Que faire durant votre s\u00e9jour \u00e0 Nice ?<br \/>\n<\/strong><\/h2>\n<p>Rendez-vous sur le <a href=\"https:\/\/www.nicetourisme.com\/\">site internet<\/a> de l&#8217;Office de tourisme m\u00e9tropolitain Nice C\u00f4te d&#8217;Azur pour en savoir plus sur les activit\u00e9s propos\u00e9es. <em><a href=\"https:\/\/www.nicetourisme.com\/\">En savoir plus<\/a><\/em>[\/vc_column_text][vc_message]R\u00e9servez et payez directement en ligne les activit\u00e9s propos\u00e9es par l&#8217;Office du tourisme <em><a href=\"https:\/\/www.nicetourisme.com\/reservation-activites\">ici<\/a><\/em>.[\/vc_message][\/vc_column_inner][\/vc_row_inner][vc_text_separator title=&#8221;H\u00f4tels avec r\u00e9ductions&#8221;][\/vc_column][\/vc_row][vc_row][vc_column width=&#8221;1\/6&#8243;][vc_column_text]\n<h3><strong>H\u00d4TEL &amp; cat\u00e9gorie<br \/>\n<\/strong><\/h3>\n[\/vc_column_text][\/vc_column][vc_column width=&#8221;1\/6&#8243;][vc_column_text]\n<h3><strong>Distance \u00e0 pied Acropolis (et Tramway)<\/strong><\/h3>\n[\/vc_column_text][\/vc_column][vc_column width=&#8221;1\/6&#8243;][vc_column_text]\n<h3><strong>Code promo &amp; <\/strong><strong>Lien<br \/>\n<\/strong><\/h3>\n[\/vc_column_text][\/vc_column][vc_column width=&#8221;1\/2&#8243;][vc_column_text]\n<h3><strong>Informations suppl\u00e9mentaires relatives au code promo<br \/>\n<\/strong><\/h3>\n[\/vc_column_text][\/vc_column][\/vc_row][vc_row][vc_column][vc_separator][\/vc_column][\/vc_row][vc_row][vc_column width=&#8221;1\/6&#8243;][vc_column_text]<a href=\"https:\/\/all.accor.com\/hotel\/6991\/index.fr.shtml?utm_term=mar&amp;gclid=CjwKCAjwhOyJBhA4EiwAEcJdceSGbYqMfLh3usC5x6iJD81hBckmwzQEi5owMUIpLt1W9AAB63GNzxoCaSUQAvD_BwE&amp;utm_campaign=ppc-ibs-mar-goo-fr-fr-fr-exa-sear-bp&amp;utm_medium=cpc&amp;utm_content=fr-fr-FR-V2813&amp;utm_source=google\">H\u00f4tel ibis Styles Nice Vieux Port<\/a>, 3*[\/vc_column_text][\/vc_column][vc_column width=&#8221;1\/6&#8243;][vc_column_text]8 mn[\/vc_column_text][\/vc_column][vc_column width=&#8221;1\/6&#8243;][vc_column_text]<a href=\"https:\/\/efus.eu\/efusconference2021\/wp-content\/uploads\/sites\/11\/2021\/09\/FORMULAIRE-DE-RESERVATION-HOTEL-IBIS-STYLES-CENTRE-PORT-EFUS-2021.pdf\">Formulaire \u00e0 remplir<\/a>[\/vc_column_text][\/vc_column][vc_column width=&#8221;1\/2&#8243;][vc_column_text]\n<ul>\n<li>Remplissez le formulaire (PDF) ci-contre pour b\u00e9n\u00e9ficier du tarif pr\u00e9f\u00e9rentiel.<\/li>\n<\/ul>\n[\/vc_column_text][\/vc_column][\/vc_row][vc_row][vc_column width=&#8221;1\/6&#8243;][vc_column_text]<a href=\"https:\/\/www.hotel-nice-port.com\/\">H\u00f4tel du Pin<\/a>, 3*[\/vc_column_text][\/vc_column][vc_column width=&#8221;1\/6&#8243;][vc_column_text]8 mn[\/vc_column_text][\/vc_column][vc_column width=&#8221;1\/6&#8243;][vc_column_text]EFUS2021[\/vc_column_text][\/vc_column][vc_column width=&#8221;1\/2&#8243;][vc_column_text]\n<ul>\n<li>Renseignez le code promo au moment de saisir les informations relatives \u00e0 la dur\u00e9e du s\u00e9jour dans la partie r\u00e9servation<\/li>\n<\/ul>\n[\/vc_column_text][\/vc_column][\/vc_row][vc_row][vc_column width=&#8221;1\/6&#8243;][vc_column_text]<a href=\"https:\/\/www.hotel-aston.com\">H\u00f4tel ASTON LA SCALA<\/a>, 4*[\/vc_column_text][\/vc_column][vc_column width=&#8221;1\/6&#8243;][vc_column_text]12mn (6mn Tram Ligne 1)[\/vc_column_text][\/vc_column][vc_column width=&#8221;1\/6&#8243;][vc_column_text]EFUS2021 &#8211; <a href=\"https:\/\/www.secure-hotel-booking.com\/smart\/HOTELS-3A\/2ARI-19552\/fr\/\">lien<\/a>[\/vc_column_text][\/vc_column][vc_column width=&#8221;1\/2&#8243;][vc_column_text]\n<ul>\n<li>Le code est \u00e0 entrer dans la partie <em>R\u00e9servations<\/em> dans la case <em>Code Promo <\/em>sur le site de l&#8217;h\u00f4tel<em><br \/>\n<\/em><\/li>\n<li>Il est valable jusqu&#8217;au 03 octobre et peut \u00eatre reconduit sur demande et selon les disponibilit\u00e9s<\/li>\n<li>Il est valable du 16 au 26 octobre pour les s\u00e9jours, pour les r\u00e9servations pr\u00e9 et post<\/li>\n<\/ul>\n[\/vc_column_text][\/vc_column][\/vc_row][vc_row][vc_column width=&#8221;1\/6&#8243;][vc_column_text]<a href=\"http:\/\/www.hotelnicebeaurivage.com\/\">H\u00f4tel BEAU RIVAGE<\/a>, 4*[\/vc_column_text][\/vc_column][vc_column width=&#8221;1\/6&#8243;][vc_column_text]15mn (8mn Tram Ligne 1)[\/vc_column_text][\/vc_column][vc_column width=&#8221;1\/6&#8243;][vc_column_text]EFUS2021 &#8211; <a href=\"http:\/\/www.hotelnicebeaurivage.com\/\">lien<\/a>[\/vc_column_text][\/vc_column][vc_column width=&#8221;1\/2&#8243;][vc_column_text]\n<ul>\n<li>Se rendre sur le site de l&#8217;h\u00f4tel, puis dans la partie <em>R\u00e9servation<\/em>, choisir ses dates et une fois que l&#8217;on arrive sur la page, cliquer sur <em>Modifier<\/em> pour pouvoir acc\u00e9der \u00e0 la page avec le cadre <em>Code Promo<\/em><\/li>\n<li>Le code est valable jusqu&#8217;au 03 octobre, il peut \u00eatre reconduit sur demande et selon les disponibilit\u00e9s<\/li>\n<li>Il est valable du 16 au 26 octobre pour les s\u00e9jours, pour les r\u00e9servations pr\u00e9 et post<\/li>\n<\/ul>\n[\/vc_column_text][\/vc_column][\/vc_row][vc_row][vc_column width=&#8221;1\/6&#8243;][vc_column_text]<a href=\"https:\/\/www.hotel-massena-nice.com\/\">H\u00f4tel MASSENA<\/a> (Summer Hotels group), 4*[\/vc_column_text][\/vc_column][vc_column width=&#8221;1\/6&#8243;][vc_column_text]16mn (8mn Tram Ligne 1)[\/vc_column_text][\/vc_column][vc_column width=&#8221;1\/6&#8243;][vc_column_text]EFUS2021[\/vc_column_text][\/vc_column][vc_column width=&#8221;1\/2&#8243;][vc_column_text]\n<ul>\n<li>Valable sur les 6 H\u00f4tels Ni\u00e7ois du groupe SUMMER HOTELS &lt;https:\/\/www.summerhotelsgroup.com\/hotels&gt; (incluant des Hotels 3*)<\/li>\n<li>Ce code g\u00e9n\u00e8re une r\u00e9duction de -20% sur le meilleur tarif disponible<\/li>\n<li>Le code doit \u00eatre renseign\u00e9 dans la case pr\u00e9vue sur la r\u00e9servation du site de l&#8217;h\u00f4tel<\/li>\n<li>Le code promo est valable du 17 au 25 Octobre, pour les r\u00e9servations pr\u00e9 et post<\/li>\n<\/ul>\n[\/vc_column_text][\/vc_column][\/vc_row][vc_row][vc_column width=&#8221;1\/6&#8243;][vc_column_text]H\u00f4tel MERCURE Nice Promenade, 4*[\/vc_column_text][\/vc_column][vc_column width=&#8221;1\/6&#8243;][vc_column_text]20mn (10mn Tram Line 1)[\/vc_column_text][\/vc_column][vc_column width=&#8221;1\/6&#8243;][vc_column_text]EFUS2021[\/vc_column_text][\/vc_column][vc_column width=&#8221;1\/2&#8243;][vc_column_text]\n<ul>\n<li>Le tarif pr\u00e9f\u00e9rentiel est r\u00e9servable par e-mail en mentionnant le Code EFUS2021<\/li>\n<li>Afin d&#8217;effectuer la r\u00e9servation, la demande doit \u00eatre envoy\u00e9e par e-mail \u00e0 &lt;h0360@accor.com&gt; en precisant le code EFUS2021<\/li>\n<li>Contact H\u00f4tel en cas de besoin +33 (0) 4 93 82 62 22<\/li>\n<\/ul>\n[\/vc_column_text][\/vc_column][\/vc_row][vc_row][vc_column width=&#8221;1\/6&#8243;][vc_column_text]<a href=\"https:\/\/www.marriott.com\/hotels\/travel\/ncemd-le-meridien-nice\">H\u00f4tel MERIDIEN<\/a>, 4*[\/vc_column_text][\/vc_column][vc_column width=&#8221;1\/6&#8243;][vc_column_text]20mn (10mn Tram Ligne1)[\/vc_column_text][\/vc_column][vc_column width=&#8221;1\/6&#8243;][vc_column_text]<a href=\"https:\/\/www.marriott.com\/event-reservations\/reservation-link.mi?id=1625741544336&amp;key=GRP&amp;app=resvlink\">lien<\/a>[\/vc_column_text][\/vc_column][vc_column width=&#8221;1\/2&#8243;][vc_column_text]\n<ul>\n<li>Ce lien est valable pour 10 chambres simples \u00e0 un tarif de 150\u20ac BB et s&#8217;il y a plus de demandes il suffit de contacter l&#8217;h\u00f4tel pour avoir une offre en fonction de la disponibilit\u00e9<\/li>\n<\/ul>\n[\/vc_column_text][\/vc_column][\/vc_row][vc_row][vc_column width=&#8221;1\/6&#8243;][vc_column_text]<a href=\"https:\/\/www.nh-hotels.com\/hotel\/nh-nice\">H\u00f4tel NH<\/a>, 4*[\/vc_column_text][\/vc_column][vc_column width=&#8221;1\/6&#8243;][vc_column_text]3 mn[\/vc_column_text][\/vc_column][vc_column width=&#8221;1\/6&#8243;][vc_column_text]<a href=\"https:\/\/www.nh-hotels.com\/event\/efus2021\">lien<\/a>[\/vc_column_text][\/vc_column][vc_column width=&#8221;1\/2&#8243;][vc_column_text]\n<ul>\n<li>Merci de cliquer directement sur le lien<\/li>\n<li>Recommand\u00e9 aux membres du Comit\u00e9 ex\u00e9cutif de l&#8217;Efus<\/li>\n<\/ul>\n[\/vc_column_text][\/vc_column][\/vc_row][vc_row][vc_column width=&#8221;1\/6&#8243;][vc_column_text]<a href=\"https:\/\/all.accor.com\/ssr\/app\/accor\/rates\/1103\/index.fr.shtml?dateIn=2021-10-18&amp;nights=1&amp;compositions=1&amp;stayplus=false\">Novotel Nice Centre Vieux Nice<\/a>, 4*[\/vc_column_text][\/vc_column][vc_column width=&#8221;1\/6&#8243;][vc_column_text]6 mn[\/vc_column_text][\/vc_column][vc_column width=&#8221;1\/6&#8243;][vc_column_text]<a href=\"https:\/\/all.accor.com\/ssr\/app\/accor\/rates\/1103\/index.fr.shtml?dateIn=2021-10-18&amp;nights=1&amp;compositions=1&amp;stayplus=false\">lien<\/a>[\/vc_column_text][\/vc_column][vc_column width=&#8221;1\/2&#8243;][vc_column_text]\n<ul>\n<li>Cliquez sur le lien ci-contre et indiquez les dates de votre s\u00e9jour<\/li>\n<li>S\u00e9lectionnez une chambre (classique), la mention \u00ab offre sp\u00e9ciale \u00bb avec le tarif pr\u00e9f\u00e9rentiel\u00a0 de 104\u20ac BB apparaitra.<\/li>\n<li><a href=\"https:\/\/efus.eu\/wp-content\/uploads\/2021\/09\/EFUS-PRINT-de-lecran-pour-effectuer-une-reservation-.pdf\">D\u00e9tails de la proc\u00e9dure<\/a><\/li>\n<li>Recommand\u00e9 aux membres du Comit\u00e9 ex\u00e9cutif du FFSU<\/li>\n<\/ul>\n[\/vc_column_text][\/vc_column][\/vc_row][vc_row][vc_column][vc_empty_space height=&#8221;50px&#8221;][\/vc_column][\/vc_row][vc_row][vc_column][vc_text_separator title=&#8221;Envie de d\u00e9couvrir le Sud de la France et ses richesses touristiques ?&#8221;][\/vc_column][\/vc_row][vc_row][vc_column width=&#8221;1\/2&#8243;][vc_column_text]Explorez un territoire unique entre mer et montagne, avec des sites incontournables \u00e0 visiter, des exp\u00e9riences exceptionnelles \u00e0 vivre ! Pr\u00e9parez une prochaine escapade dans le Sud de la France ; visitez le site des destinations, d\u00e9couvrez un large choix de visites et d\u2019activit\u00e9s touristiques, ne manquez pas les \u00e9v\u00e9nements incontournables, le top des sp\u00e9cialit\u00e9s, les \u00e9chapp\u00e9es natures comme les vir\u00e9es culturelles. La r\u00e9gion Provence-Alpes-C\u00f4te d\u2019Azur est pleine de surprises et se tient pr\u00eate pour vous les faire d\u00e9couvrir. Laissez-vous s\u00e9duire ![\/vc_column_text][vc_single_image image=&#8221;5089&#8243; img_size=&#8221;full&#8221; onclick=&#8221;custom_link&#8221; link=&#8221;https:\/\/provence-alpes-cotedazur.com\/&#8221;][\/vc_column][vc_column width=&#8221;1\/2&#8243;][vc_single_image image=&#8221;5091&#8243; img_size=&#8221;full&#8221; onclick=&#8221;custom_link&#8221; link=&#8221;https:\/\/provence-alpes-cotedazur.com\/&#8221;][vc_raw_html]JTNDaWZyYW1lJTIwd2lkdGglM0QlMjI1NjAlMjIlMjBoZWlnaHQlM0QlMjIzMTUlMjIlMjBzcmMlM0QlMjJodHRwcyUzQSUyRiUyRnd3dy55b3V0dWJlLmNvbSUyRmVtYmVkJTJGYUF5WlNsRmpVWGMlMjIlMjB0aXRsZSUzRCUyMllvdVR1YmUlMjB2aWRlbyUyMHBsYXllciUyMiUyMGZyYW1lYm9yZGVyJTNEJTIyMCUyMiUyMGFsbG93JTNEJTIyYWNjZWxlcm9tZXRlciUzQiUyMGF1dG9wbGF5JTNCJTIwY2xpcGJvYXJkLXdyaXRlJTNCJTIwZW5jcnlwdGVkLW1lZGlhJTNCJTIwZ3lyb3Njb3BlJTNCJTIwcGljdHVyZS1pbi1waWN0dXJlJTIyJTIwYWxsb3dmdWxsc2NyZWVuJTNFJTNDJTJGaWZyYW1lJTNF[\/vc_raw_html][\/vc_column][\/vc_row][vc_row_inner][vc_column_inner][vc_empty_space height=&#8221;50px&#8221;][\/vc_column_inner][\/vc_row_inner]\n<\/div>","protected":false},"excerpt":{"rendered":"<p>[vc_row][vc_column][vc_tta_accordion active_section=&#8221;156&#8243; collapsible_all=&#8221;true&#8221; title=&#8221;Informations Covid-19&#8243;][vc_tta_section title=&#8221;Conformit\u00e9 de l&#8217;\u00e9v\u00e9nement \u00e0 la r\u00e9glementation sanitaire&#8221; tab_id=&#8221;1631173229320-2afbc40f-6b23&#8243;][vc_column_text]La conf\u00e9rence se d\u00e9roulera dans le strict respect de la r\u00e9glementation sanitaire en vigueur en France. Pour plus d&#8217;informations, veuillez consulter le site du minist\u00e8re de la Sant\u00e9. L&#8217;admission \u00e0 la conf\u00e9rence sera soumise \u00e0 la pr\u00e9sentation d&#8217;un certificat Covid num\u00e9rique de l&#8217;Union europ\u00e9enne en cours de validit\u00e9. La capacit\u00e9 des salles de conf\u00e9rence a \u00e9t\u00e9 adapt\u00e9e afin de garantir la distanciation physique entre les participants. Les pauses caf\u00e9 et d\u00e9jeuner seront servies conform\u00e9ment aux r\u00e9glementations sanitaires en vigueur. Une application mobile fournira des informations aux participants pour \u00e9viter tout contact physique. &gt;&gt;&gt; d\u00e9tail des mesures[\/vc_column_text][\/vc_tta_section][vc_tta_section title=&#8221;Respect des r\u00e8gles sanitaires par les participants&#8221; tab_id=&#8221;1631173229360-7755f326-bd9c&#8221;][vc_column_text] L&#8217;admission \u00e0 la conf\u00e9rence sera soumise \u00e0 la pr\u00e9sentation d&#8217;un certificat Covid num\u00e9rique de l&#8217;Union europ\u00e9enne en cours de validit\u00e9. Les participants devront se laver r\u00e9guli\u00e8rement et soigneusement les mains avec une solution hydroalcoolique ou au savon (fournis sur place). Les participants devront porter un masque couvrant la bouche et le nez \u00e0 tout moment. Les participants devront respecter une distance d&#8217;un m\u00e8tre entre eux. &gt;&gt;&gt; d\u00e9tail des r\u00e8gles[\/vc_column_text][\/vc_tta_section][vc_tta_section title=&#8221;Participation internationale&#8221; tab_id=&#8221;1631173572450-2939415f-075a&#8221;][vc_column_text]Les participants qui viennent d&#8217;un pays hors de l&#8217;Union europ\u00e9enne sont invit\u00e9s \u00e0 contacter leur consulat pour savoir comment obtenir le certificat Covid num\u00e9rique de l&#8217;Union europ\u00e9enne.[\/vc_column_text][\/vc_tta_section][\/vc_tta_accordion][\/vc_column][\/vc_row][vc_row full_width=&#8221;stretch_row&#8221;][vc_column][vc_text_separator title=&#8221;Le lieu&#8221;][vc_row_inner][vc_column_inner width=&#8221;1\/2&#8243;][vc_video link=&#8221;https:\/\/youtu.be\/TqXQND77Q4Y&#8221;][\/vc_column_inner][vc_column_inner width=&#8221;1\/2&#8243;][vc_column_text] Ville de Nice\u00a0 La conf\u00e9rence S\u00e9curit\u00e9, D\u00e9mocratie &amp; Villes aura lieu \u00e0 Nice. Acropolis 1 Esplanade John Fitzgerald Kennedy, 06000 Nice Que faire durant votre s\u00e9jour \u00e0 Nice ? Rendez-vous sur le site internet de l&#8217;Office de tourisme m\u00e9tropolitain Nice C\u00f4te d&#8217;Azur pour en savoir plus sur les activit\u00e9s propos\u00e9es. En savoir plus[\/vc_column_text][vc_message]R\u00e9servez et payez directement en ligne les activit\u00e9s propos\u00e9es par l&#8217;Office du tourisme ici.[\/vc_message][\/vc_column_inner][\/vc_row_inner][vc_text_separator title=&#8221;H\u00f4tels avec r\u00e9ductions&#8221;][\/vc_column][\/vc_row][vc_row][vc_column width=&#8221;1\/6&#8243;][vc_column_text] H\u00d4TEL &amp; cat\u00e9gorie [\/vc_column_text][\/vc_column][vc_column width=&#8221;1\/6&#8243;][vc_column_text] Distance \u00e0 pied Acropolis (et Tramway) [\/vc_column_text][\/vc_column][vc_column width=&#8221;1\/6&#8243;][vc_column_text] Code promo &amp; Lien [\/vc_column_text][\/vc_column][vc_column width=&#8221;1\/2&#8243;][vc_column_text] Informations suppl\u00e9mentaires relatives au code promo [\/vc_column_text][\/vc_column][\/vc_row][vc_row][vc_column][vc_separator][\/vc_column][\/vc_row][vc_row][vc_column width=&#8221;1\/6&#8243;][vc_column_text]H\u00f4tel ibis Styles Nice Vieux Port, 3*[\/vc_column_text][\/vc_column][vc_column width=&#8221;1\/6&#8243;][vc_column_text]8 mn[\/vc_column_text][\/vc_column][vc_column width=&#8221;1\/6&#8243;][vc_column_text]Formulaire \u00e0 remplir[\/vc_column_text][\/vc_column][vc_column width=&#8221;1\/2&#8243;][vc_column_text] Remplissez le formulaire (PDF) ci-contre pour b\u00e9n\u00e9ficier du tarif pr\u00e9f\u00e9rentiel. [\/vc_column_text][\/vc_column][\/vc_row][vc_row][vc_column width=&#8221;1\/6&#8243;][vc_column_text]H\u00f4tel du Pin, 3*[\/vc_column_text][\/vc_column][vc_column width=&#8221;1\/6&#8243;][vc_column_text]8 mn[\/vc_column_text][\/vc_column][vc_column width=&#8221;1\/6&#8243;][vc_column_text]EFUS2021[\/vc_column_text][\/vc_column][vc_column width=&#8221;1\/2&#8243;][vc_column_text] Renseignez le code promo au moment de saisir les informations relatives \u00e0 la dur\u00e9e du s\u00e9jour dans la partie r\u00e9servation [\/vc_column_text][\/vc_column][\/vc_row][vc_row][vc_column width=&#8221;1\/6&#8243;][vc_column_text]H\u00f4tel ASTON LA SCALA, 4*[\/vc_column_text][\/vc_column][vc_column width=&#8221;1\/6&#8243;][vc_column_text]12mn (6mn Tram Ligne 1)[\/vc_column_text][\/vc_column][vc_column width=&#8221;1\/6&#8243;][vc_column_text]EFUS2021 &#8211; lien[\/vc_column_text][\/vc_column][vc_column width=&#8221;1\/2&#8243;][vc_column_text] Le code est \u00e0 entrer dans la partie R\u00e9servations dans la case Code Promo sur le site de l&#8217;h\u00f4tel Il est valable jusqu&#8217;au 03 octobre et peut \u00eatre reconduit sur demande et selon les disponibilit\u00e9s Il est valable du 16 au 26 octobre pour les s\u00e9jours, pour les r\u00e9servations pr\u00e9 et post [\/vc_column_text][\/vc_column][\/vc_row][vc_row][vc_column width=&#8221;1\/6&#8243;][vc_column_text]H\u00f4tel BEAU RIVAGE, 4*[\/vc_column_text][\/vc_column][vc_column width=&#8221;1\/6&#8243;][vc_column_text]15mn (8mn Tram Ligne 1)[\/vc_column_text][\/vc_column][vc_column width=&#8221;1\/6&#8243;][vc_column_text]EFUS2021 &#8211; lien[\/vc_column_text][\/vc_column][vc_column width=&#8221;1\/2&#8243;][vc_column_text] Se rendre sur le site de l&#8217;h\u00f4tel, puis dans la partie R\u00e9servation, choisir ses dates et une fois que l&#8217;on arrive sur la page, cliquer sur Modifier pour pouvoir acc\u00e9der \u00e0 la page avec le cadre Code Promo Le code est valable jusqu&#8217;au 03 octobre, il peut \u00eatre reconduit sur demande et selon les disponibilit\u00e9s Il est valable du 16 au 26 octobre pour les s\u00e9jours, pour les r\u00e9servations pr\u00e9 et post [\/vc_column_text][\/vc_column][\/vc_row][vc_row][vc_column width=&#8221;1\/6&#8243;][vc_column_text]H\u00f4tel MASSENA (Summer Hotels group), 4*[\/vc_column_text][\/vc_column][vc_column width=&#8221;1\/6&#8243;][vc_column_text]16mn (8mn Tram Ligne 1)[\/vc_column_text][\/vc_column][vc_column width=&#8221;1\/6&#8243;][vc_column_text]EFUS2021[\/vc_column_text][\/vc_column][vc_column width=&#8221;1\/2&#8243;][vc_column_text] Valable sur les 6 H\u00f4tels Ni\u00e7ois du groupe SUMMER HOTELS &lt;https:\/\/www.summerhotelsgroup.com\/hotels&gt; (incluant des Hotels 3*) Ce code g\u00e9n\u00e8re une r\u00e9duction de -20% sur le meilleur tarif disponible Le code doit \u00eatre renseign\u00e9 dans la case pr\u00e9vue sur la r\u00e9servation du site de l&#8217;h\u00f4tel Le code promo est valable du 17 au 25 Octobre, pour les r\u00e9servations pr\u00e9 et post [\/vc_column_text][\/vc_column][\/vc_row][vc_row][vc_column width=&#8221;1\/6&#8243;][vc_column_text]H\u00f4tel MERCURE Nice Promenade, 4*[\/vc_column_text][\/vc_column][vc_column width=&#8221;1\/6&#8243;][vc_column_text]20mn (10mn Tram Line 1)[\/vc_column_text][\/vc_column][vc_column width=&#8221;1\/6&#8243;][vc_column_text]EFUS2021[\/vc_column_text][\/vc_column][vc_column width=&#8221;1\/2&#8243;][vc_column_text] Le tarif pr\u00e9f\u00e9rentiel est r\u00e9servable par e-mail en mentionnant le Code EFUS2021 Afin d&#8217;effectuer la r\u00e9servation, la demande doit \u00eatre envoy\u00e9e par e-mail \u00e0 &lt;h0360@accor.com&gt; en precisant le code EFUS2021 Contact H\u00f4tel en cas de besoin +33 (0) 4 93 82 62 22 [\/vc_column_text][\/vc_column][\/vc_row][vc_row][vc_column width=&#8221;1\/6&#8243;][vc_column_text]H\u00f4tel MERIDIEN, 4*[\/vc_column_text][\/vc_column][vc_column width=&#8221;1\/6&#8243;][vc_column_text]20mn (10mn Tram Ligne1)[\/vc_column_text][\/vc_column][vc_column width=&#8221;1\/6&#8243;][vc_column_text]lien[\/vc_column_text][\/vc_column][vc_column width=&#8221;1\/2&#8243;][vc_column_text] Ce lien est valable pour 10 chambres simples \u00e0 un tarif de 150\u20ac BB et s&#8217;il y a plus de demandes il suffit de contacter l&#8217;h\u00f4tel pour avoir une offre en fonction de la disponibilit\u00e9 [\/vc_column_text][\/vc_column][\/vc_row][vc_row][vc_column width=&#8221;1\/6&#8243;][vc_column_text]H\u00f4tel NH, 4*[\/vc_column_text][\/vc_column][vc_column width=&#8221;1\/6&#8243;][vc_column_text]3 mn[\/vc_column_text][\/vc_column][vc_column width=&#8221;1\/6&#8243;][vc_column_text]lien[\/vc_column_text][\/vc_column][vc_column width=&#8221;1\/2&#8243;][vc_column_text] Merci de cliquer directement sur le lien Recommand\u00e9 aux membres du Comit\u00e9 ex\u00e9cutif de l&#8217;Efus [\/vc_column_text][\/vc_column][\/vc_row][vc_row][vc_column width=&#8221;1\/6&#8243;][vc_column_text]Novotel Nice Centre Vieux Nice, 4*[\/vc_column_text][\/vc_column][vc_column width=&#8221;1\/6&#8243;][vc_column_text]6 mn[\/vc_column_text][\/vc_column][vc_column width=&#8221;1\/6&#8243;][vc_column_text]lien[\/vc_column_text][\/vc_column][vc_column width=&#8221;1\/2&#8243;][vc_column_text] Cliquez sur le lien ci-contre et indiquez les dates de votre s\u00e9jour S\u00e9lectionnez une chambre (classique), la mention \u00ab offre sp\u00e9ciale \u00bb avec le tarif pr\u00e9f\u00e9rentiel\u00a0 de 104\u20ac BB apparaitra. D\u00e9tails de la proc\u00e9dure Recommand\u00e9 aux membres du Comit\u00e9 ex\u00e9cutif du FFSU [\/vc_column_text][\/vc_column][\/vc_row][vc_row][vc_column][vc_empty_space height=&#8221;50px&#8221;][\/vc_column][\/vc_row][vc_row][vc_column][vc_text_separator title=&#8221;Envie de d\u00e9couvrir le Sud de la France et ses richesses touristiques ?&#8221;][\/vc_column][\/vc_row][vc_row][vc_column width=&#8221;1\/2&#8243;][vc_column_text]Explorez un territoire unique entre mer et montagne, avec des sites incontournables \u00e0 visiter, des exp\u00e9riences exceptionnelles \u00e0 vivre ! Pr\u00e9parez une prochaine escapade dans le Sud de la France ; visitez le site des destinations, d\u00e9couvrez un large choix de visites et d\u2019activit\u00e9s touristiques, ne manquez pas les \u00e9v\u00e9nements incontournables, le top des sp\u00e9cialit\u00e9s, les \u00e9chapp\u00e9es natures comme les vir\u00e9es culturelles. La r\u00e9gion Provence-Alpes-C\u00f4te d\u2019Azur est pleine de surprises et se tient pr\u00eate pour vous les faire d\u00e9couvrir. Laissez-vous s\u00e9duire ![\/vc_column_text][vc_single_image image=&#8221;5089&#8243; img_size=&#8221;full&#8221; onclick=&#8221;custom_link&#8221; link=&#8221;https:\/\/provence-alpes-cotedazur.com\/&#8221;][\/vc_column][vc_column width=&#8221;1\/2&#8243;][vc_single_image image=&#8221;5091&#8243; img_size=&#8221;full&#8221; onclick=&#8221;custom_link&#8221; link=&#8221;https:\/\/provence-alpes-cotedazur.com\/&#8221;][vc_raw_html]JTNDaWZyYW1lJTIwd2lkdGglM0QlMjI1NjAlMjIlMjBoZWlnaHQlM0QlMjIzMTUlMjIlMjBzcmMlM0QlMjJodHRwcyUzQSUyRiUyRnd3dy55b3V0dWJlLmNvbSUyRmVtYmVkJTJGYUF5WlNsRmpVWGMlMjIlMjB0aXRsZSUzRCUyMllvdVR1YmUlMjB2aWRlbyUyMHBsYXllciUyMiUyMGZyYW1lYm9yZGVyJTNEJTIyMCUyMiUyMGFsbG93JTNEJTIyYWNjZWxlcm9tZXRlciUzQiUyMGF1dG9wbGF5JTNCJTIwY2xpcGJvYXJkLXdyaXRlJTNCJTIwZW5jcnlwdGVkLW1lZGlhJTNCJTIwZ3lyb3Njb3BlJTNCJTIwcGljdHVyZS1pbi1waWN0dXJlJTIyJTIwYWxsb3dmdWxsc2NyZWVuJTNFJTNDJTJGaWZyYW1lJTNF[\/vc_raw_html][\/vc_column][\/vc_row][vc_row_inner][vc_column_inner][vc_empty_space height=&#8221;50px&#8221;][\/vc_column_inner][\/vc_row_inner]<\/p>\n","protected":false},"author":1,"featured_media":0,"parent":0,"menu_order":0,"comment_status":"closed","ping_status":"closed","template":"","meta":{"_acf_changed":false,"footnotes":""},"class_list":["post-2645","page","type-page","status-publish","hentry","entry","post-inner"],"acf":[],"_links":{"self":[{"href":"https:\/\/efus.eu\/efusconference2021\/wp-json\/wp\/v2\/pages\/2645","targetHints":{"allow":["GET"]}}],"collection":[{"href":"https:\/\/efus.eu\/efusconference2021\/wp-json\/wp\/v2\/pages"}],"about":[{"href":"https:\/\/efus.eu\/efusconference2021\/wp-json\/wp\/v2\/types\/page"}],"author":[{"embeddable":true,"href":"https:\/\/efus.eu\/efusconference2021\/wp-json\/wp\/v2\/users\/1"}],"replies":[{"embeddable":true,"href":"https:\/\/efus.eu\/efusconference2021\/wp-json\/wp\/v2\/comments?post=2645"}],"version-history":[{"count":30,"href":"https:\/\/efus.eu\/efusconference2021\/wp-json\/wp\/v2\/pages\/2645\/revisions"}],"predecessor-version":[{"id":5777,"href":"https:\/\/efus.eu\/efusconference2021\/wp-json\/wp\/v2\/pages\/2645\/revisions\/5777"}],"wp:attachment":[{"href":"https:\/\/efus.eu\/efusconference2021\/wp-json\/wp\/v2\/media?parent=2645"}],"curies":[{"name":"wp","href":"https:\/\/api.w.org\/{rel}","templated":true}]}}